{"id":10,"date":"2015-04-13T10:18:50","date_gmt":"2015-04-13T09:18:50","guid":{"rendered":"http:\/\/www.location-grange-pyrenees.com\/fr\/?page_id=10"},"modified":"2018-02-28T17:08:21","modified_gmt":"2018-02-28T16:08:21","slug":"location-grange-pyrenees-gite-grande-capacite-de-charme-aure-louron","status":"publish","type":"page","link":"https:\/\/www.location-grange-pyrenees.com\/fr\/","title":{"rendered":"Location Grange Pyr\u00e9n\u00e9es,  G\u00eete grande capacit\u00e9 et de charme en vall\u00e9e d&rsquo;AURE et du LOURON"},"content":{"rendered":"<p style=\"text-align: justify;\">Location <span style=\"color: #000000;\">de 2 Granges dans les Pyr\u00e9n\u00e9es <\/span>: les Granges de Jules \u00e0 <a href=\"https:\/\/fr.wikipedia.org\/wiki\/Cazaux-Fr%C3%A9chet-An%C3%A9ran-Camors\" target=\"_blank\" rel=\"noopener\">Aneran-Camors<\/a> (1000 m d&rsquo;altitude), proche des villages de Loudenvielle Arreau et des stations de ski de Peyragudes Val Louron et Saint LARY,&nbsp;village typique des Pyr\u00e9n\u00e9es aux confluents des vall\u00e9es d&rsquo;Aure et du Louron, <span style=\"color: #6b0328;\"><strong>votre location maison chalet villa gite de charme et de caract\u00e8re en grand g\u00eete de montagne avec piscine priv\u00e9e<\/strong><\/span>, location maisons granges pour 12 couchages par location en chambres douillettes et confortables donnant sur les montagnes des Pyr\u00e9n\u00e9es.<\/p>\n<p style=\"text-align: justify;\"><img loading=\"lazy\" class=\"alignleft wp-image-508 size-full\" title=\"Location grange Pyr\u00e9n\u00e9es avec piscine priv\u00e9e\" src=\"http:\/\/www.location-grange-pyrenees.com\/fr\/wp-content\/uploads\/2015\/04\/gite-granges-de-jules.jpg\" alt=\"Location grange Pyr\u00e9n\u00e9es avec piscine priv\u00e9e\" width=\"321\" height=\"215\" srcset=\"https:\/\/www.location-grange-pyrenees.com\/fr\/wp-content\/uploads\/2015\/04\/gite-granges-de-jules.jpg 321w, https:\/\/www.location-grange-pyrenees.com\/fr\/wp-content\/uploads\/2015\/04\/gite-granges-de-jules-300x201.jpg 300w\" sizes=\"(max-width: 321px) 100vw, 321px\" \/><strong><span style=\"color: #800000;\">Vos h\u00f4tes<\/span> :<\/strong><br \/>\nChristine et Claude vous accueillent dans 2 granges restaur\u00e9es, avec vue panoramique sur la cha\u00eene des Pyr\u00e9n\u00e9es en pleine nature.&nbsp;Claude et Christine ARRIAS, ancien h\u00f4telier restaurateur r\u00e9put\u00e9s \u00e0 c\u00f4t\u00e9 de Saint-Lary ont obtenu le <strong>1er prix Guide du Routard en 2000<\/strong> pour leur accueil et leur disponibilit\u00e9.<\/p>\n<p style=\"text-align: justify;\">Notre devise : <span style=\"color: #6b0328;\"><em>Pour que les montagnes soient un pr\u00e9texte au voyage et que votre s\u00e9jour soit un moment privil\u00e9gi\u00e9 de d\u00e9tente et de souvenirs inoubliables<\/em><\/span><\/p>\n<p>Id\u00e9alement situ\u00e9e sur l\u2019axe des Cols d\u2019Aspin et de Peyresourde, \u00e0 10 minutes des villages typiques d\u2019Arreau et de Loudenvielle (connu pour son centre de baln\u00e9oth\u00e9rapie <a href=\"http:\/\/www.balnea.fr\/\" target=\"_blank\" rel=\"noopener\">Balnea<\/a>) et au carrefour des stations de ski de <a href=\"http:\/\/www.peyragudes.com\/\" target=\"_blank\" rel=\"noopener\">Peyragudes<\/a>, <a href=\"http:\/\/www.vallee-du-louron.com\/\" target=\"_blank\" rel=\"noopener\">Val Louron<\/a> et <a href=\"http:\/\/www.saintlary.com\/\" target=\"_blank\" rel=\"noopener\">Saint Lary<\/a> aux portes du <a href=\"http:\/\/www.parc-pyrenees.com\/\" target=\"_blank\" rel=\"noopener\">Parc National des Pyr\u00e9n\u00e9es,<\/a> de la r\u00e9serve du N\u00e9ouvielle et de l&rsquo;Espagne.<\/p>\n<p style=\"text-align: justify;\">Location Grange Pyr\u00e9n\u00e9es les granges de Jules : c&rsquo;est un h\u00e9bergement de qualit\u00e9 dans une grange r\u00e9am\u00e9nag\u00e9e en g\u00eete de grand confort et de charme avec Wifi, piscine priv\u00e9e, Hamam priv\u00e9, espace d\u00e9tente SPA&#8230;le plus grand centre de baln\u00e9oth\u00e9rapie <a href=\"http:\/\/www.balnea.fr\/\" target=\"_blank\" rel=\"noopener\">Balnea<\/a>&nbsp;des Pyr\u00e9n\u00e9es en vall\u00e9e d&rsquo;Aure et du Louron.<\/p>\n\n<table id=\"tablepress-1\" class=\"tablepress tablepress-id-1\">\n<tbody>\n<tr class=\"row-1\">\n\t<td class=\"column-1\"><img class=\"alignnone wp-image-87 size-full\" title=\"wifi Grange de Jules\" src=\"http:\/\/www.location-grange-pyrenees.com\/fr\/wp-content\/uploads\/2015\/04\/wifi.gif\" alt=\"wifi dans gite pyrenees\" width=\"47\" height=\"20\" \/><\/td><td class=\"column-2\"><img class=\"alignnone wp-image-86 size-full\" title=\"piscine priv\u00e9e dans gite hautes pyrenees\" src=\"http:\/\/www.location-grange-pyrenees.com\/fr\/wp-content\/uploads\/2015\/04\/piscine.gif\" alt=\"piscine priv\u00e9e dans gite hautes pyrenees\" width=\"50\" height=\"30\" \/><\/td><td class=\"column-3\"><img class=\"alignnone wp-image-82 size-full\" title=\"hammam priv\u00e9 dans gite hautes pyrenees\" src=\"http:\/\/www.location-grange-pyrenees.com\/fr\/wp-content\/uploads\/2015\/04\/hamam.gif\" alt=\"hammam priv\u00e9 dans gite hautes pyrenees\" width=\"43\" height=\"40\" \/><\/td><td class=\"column-4\"><img class=\"alignnone wp-image-198 size-full\" title=\"Espace spa gite pyrenees\" src=\"http:\/\/www.location-grange-pyrenees.com\/fr\/wp-content\/uploads\/2015\/04\/spa.gif\" alt=\"Espace spa gite pyrenees\" width=\"40\" height=\"41\" \/><\/td><td class=\"column-5\"><img class=\"alignnone wp-image-84 size-full\" title=\"classement 4* &quot;meubl\u00e9s Pyr\u00e9n\u00e9es&quot;\" src=\"http:\/\/www.location-grange-pyrenees.com\/fr\/wp-content\/uploads\/2015\/04\/meubletoursime.png\" alt=\"classement 4* &quot;meubl\u00e9s Pyr\u00e9n\u00e9es&quot;\" width=\"50\" height=\"50\" \/><\/td><td class=\"column-6\"><img class=\"alignnone size-full wp-image-83\" src=\"http:\/\/www.location-grange-pyrenees.com\/fr\/wp-content\/uploads\/2015\/04\/icone-ancv.gif\" alt=\"icone-ancv\" width=\"44\" height=\"25\" \/><\/td>\n<\/tr>\n<\/tbody>\n<\/table>\n<!-- #tablepress-1 from cache -->\n<style type='text\/css'>\r\n\t\t\t\r\n\t\t\t\t\t\r\n\t\t\t\r\n\t\t\t\t\r\n\t\t\t#accueilbaspjc-slideshow .frs-slider-nav { display:none !important; }\t\r\n\t\t\t#accueilbaspjc .frs-wrapper .frs-caption {\r\n\t\t\t\tdisplay:none;\r\n\t\t\t}\r\n\t\t\t#accueilbaspjc-slideshow .frs-caption h4, #accueilbaspjc-slideshow .frs-caption-inner h4{\r\n\t\t\t\tfont-size:22px;\r\n\t\t\t    margin:0px;\t\t\r\n\t\t\t}\r\n\t\t\t#accueilbaspjc-slideshow .frs-caption p, #accueilbaspjc-slideshow .frs-caption-inner p{\r\n\t\t\t    margin:0px;\t\t\r\n\t\t\t    font-size:16px;\r\n\t\t\t}\r\n\t\t\t.frs-slideshow-container span.frs-caption {\r\n\t\t\t\theight: 0px !important;\r\n\t\t\t\tposition: absolute;\r\n\t\t\t}\r\n\t\t\t.frs-caption-content div h1, .frs-caption-content div h2, .frs-caption-content div h3, .frs-caption-content div h4, .frs-caption-content div p {\r\n\t\t\t\tcolor: inherit !important;\r\n\t\t\t\ttext-align: inherit !important;\r\n\t\t\t\tline-height: 1.5;\r\n\t\t\t}\r\n\t\t\t#accueilbaspjc .frs-wrapper .frs-bullets-wrapper{ display:none !important; height:0px !important; }\r\n\t\t<\/style><style>.frs-slideshow-container#accueilbaspjc {\r\n\tmargin-top: 25px;\r\n\tmargin-bottom: 75px;\r\n}<\/style><!-- Slideshow generated using Fluid-Responsive-Slideshow, https:\/\/www.tonjoostudio.com\/addons\/fluid-responsive-slideshow\/ -->\r\n\t\t<script type='text\/javascript'>\r\n\t\t\tjQuery(document).ready(function($) {\r\n\t\t\t\t$('#accueilbaspjc').frs({\r\n\t\t\t\t\tanimation : 'fade', \/\/ horizontal-slide, vertical-slide, fade\r\n\t\t\t\t\tanimationSpeed :  800, \/\/ how fast animtions are\r\n\t\t\t\t\ttimer :  true, \/\/ true or false to have the timer\r\n\t\t\t\t\tadvanceSpeed :   2500, \/\/ if timer is enabled, time between transitions\r\n\t\t\t\t\tpauseOnHover : false, \/\/ if you hover pauses the slider\r\n\t\t\t\t\tstartClockOnMouseOut :  false, \/\/ if clock should start on MouseOut\r\n\t\t\t\t\tstartClockOnMouseOutAfter :  800, \/\/ how long after MouseOut should the timer start again\r\n\t\t\t\t\tdirectionalNav : true, \/\/ manual advancing directional navs\r\n\t\t\t\t\tcaptions : true, \/\/ do you want captions?\r\n\t\t\t\t\tcaptionAnimation : 'fade', \/\/ fade, slideOpen, none\r\n\t\t\t\t\tcaptionAnimationSpeed : 800, \/\/ if so how quickly should they animate in\r\n\t\t\t\t\tbullets :  true, \/\/ true or false to activate the bullet navigation\r\n\t\t\t\t\tbulletThumbs : true, \/\/ thumbnails for the bullets\r\n\t\t\t\t\tbulletThumbLocation : '', \/\/ location from this file where thumbs will be\r\n\t\t\t\t\tnavigationSmallTreshold:  false,\r\n\t\t\t\t\tnavigationSmall: 600,\r\n\t\t\t\t\tskinClass: 'frs-skin-default',\r\n\t\t\t\t\twidth: 625,\r\n\t\t\t\t\theight: 117,\r\n\t\t\t\t\tfullWidth: true,\r\n\t\t\t\t\tminHeight: 117,\r\n\t\t\t\t\tmaxHeight: 117,\r\n\t\t\t\t\tsbullets: false,\r\n\t\t\t\t\tsbulletsItemWidth: 200,\r\n\t\t\t\t\tcontinousSliding: false,\r\n\t\t\t\t\tjsOnly: false\r\n\t\t\t\t});\t\t\r\n\t\t\t\t\t\t\r\n\t\t\t\t\/**\r\n\t\t\t\t * touchSwipe\r\n\t\t\t\t *\/\r\n\t\t\t\t$('#accueilbaspjc-slideshow .frs-slide-img').swipe( \r\n\t\t\t\t{\r\n\t\t\t        swipeLeft:function(event, direction, distance, duration, fingerCount) {\r\n\t\t\t\t\t\t$('#accueilbaspjc-slideshow .frs-slider-nav .frs-arrow-right').click();\t\t\t\t\t\t\r\n\t\t\t\t\t},\r\n\r\n\t\t\t\t\tswipeRight:function(event, direction, distance, duration, fingerCount) {\r\n\t\t\t\t\t\t$('#accueilbaspjc-slideshow .frs-slider-nav .frs-arrow-left').click();\r\n\t\t\t\t\t},\r\n\r\n\t\t\t        triggerOnTouchLeave:true\r\n\t\t\t    });\r\n\t\t\t})\t\t\r\n\t\t<\/script>\r\n\t\t<!--[if lt IE 9]>\r\n\t\t\t<style type='text\/css'>\r\n\t\t\t#accueilbaspjc-slideshow .frs-timer { display: none !important; }\r\n\t\t\t#accueilbaspjc-slideshow div.caption { background:transparent; filter:progid:DXImageTransform.Microsoft.gradient(startColorstr=#99000000,endColorstr=#99000000);zoom: 1; }\r\n\t\t\t<\/style>\r\n\t\t<![endif]--><div class='frs-slideshow-container' id='accueilbaspjc'><div class='frs-slide-img-wrapper' style='display:none;'><div class='frs-slide-img' style = 'display:none;background:#000000' ><img alt='1' src='https:\/\/www.location-grange-pyrenees.com\/fr\/wp-content\/uploads\/2015\/04\/defil1.jpg' \/><\/div><div class='frs-slide-img' style = 'display:none;background:#000000' ><img alt='2' src='https:\/\/www.location-grange-pyrenees.com\/fr\/wp-content\/uploads\/2015\/04\/defil2.jpg' \/><\/div><div class='frs-slide-img' style = 'display:none;background:#000000' ><img alt='3' src='https:\/\/www.location-grange-pyrenees.com\/fr\/wp-content\/uploads\/2015\/04\/defil3.jpg' \/><\/div><div class='frs-slide-img' style = 'display:none;background:#000000' ><img alt='4' src='https:\/\/www.location-grange-pyrenees.com\/fr\/wp-content\/uploads\/2015\/04\/defil4.jpg' \/><\/div><div class='frs-slide-img' style = 'display:none;background:#000000' ><img alt='5' src='https:\/\/www.location-grange-pyrenees.com\/fr\/wp-content\/uploads\/2015\/04\/defil6.jpg' \/><\/div><\/div><\/div><script type='text\/javascript'>jQuery(document).ready(function($){})<\/script>\n<h4 style=\"text-align: justify;\"><strong><span style=\"color: #6b0328;\">Chaque Location Grange Pyr\u00e9n\u00e9es dispose :<\/span><\/strong><\/h4>\n<ul>\n<li>1 grand salon \/ salle de vie 70 m2 grande capacit\u00e9<\/li>\n<li>Espace salon avec po\u00eale \u00e0 bois (bois fourni) Wifi, Hifi, t\u00e9l\u00e9vision \u00e9cran plat<\/li>\n<li>Coin repas avec une table pour 12-14 personnes avec vue sur les montagnes des Pyr\u00e9n\u00e9es<\/li>\n<li>Cuisine enti\u00e8rement \u00e9quip\u00e9e a l am\u00e9ricaine ouverte sur les coins salons chemin\u00e9e<\/li>\n<li>2 salles de bain (bac \u00e0 douche grand format + 2 vasques) + 2 WC<\/li>\n<li>2 chambres familiales 4 personnes (modulable 2 x 2 personnes ou 4 x 1 personne)<\/li>\n<li>2 chambres 2 personnes (2 lits single ou jumelable) &#8211;&nbsp;Literie neuve- Toutes les chambres sont orient\u00e9es vers la montagne<\/li>\n<li>Terrasse tr\u00e8s bien orient\u00e9e plein sud sur la vall\u00e9e du Louron et Loudenvielle<\/li>\n<\/ul>\n<hr>\n<p style=\"text-align: left;\">&nbsp;<strong>Pourquoi venir dans la vall\u00e9e du Louron,&nbsp;aux Granges de Jules gite maison de charme de grande capacit\u00e9 tout confort avec sa vue panoramique sur les Pyr\u00e9n\u00e9es :<\/strong><\/p>\n<p style=\"text-align: justify;\">La vall\u00e9e du Louron est une vall\u00e9e du Pays d&rsquo;Aure, \u00e0 l&rsquo;extr\u00e9mit\u00e9 sud-est du d\u00e9partement des Hautes-Pyr\u00e9n\u00e9es. Elle correspond au bassin de la Neste du Louron qui s&rsquo;\u00e9tend sur environ 25 km entre la cr\u00eate frontali\u00e8re et le vallon des Gourgs Blancs au sud, et la confluence avec la Neste d&rsquo;Aure \u00e0 Arreau, au nord. Elle communique avec la vall\u00e9e d&rsquo;Aure \u00e0 l&rsquo;ouest par le col d&rsquo;Azet (ainsi que par Arreau), et avec la vall\u00e9e du Larboust \u00e0 l&rsquo;est par le col de Peyresourde.<br \/>\nLa haute vall\u00e9e du Louron est une ancienne vall\u00e9e glaciaire, parsem\u00e9e de nombreux lacs (voir Lacs de la vall\u00e9e du Louron). Le lac de G\u00e9nos-Loudenvielle se situe au fond de la vall\u00e9e.<br \/>\nLa faune et la flore locales sont caract\u00e9ristiques des Pyr\u00e9n\u00e9es et d\u2019une richesse remarquable, avec des esp\u00e8ces rares comme l&rsquo;isard, le gypa\u00e8te barbu, le desman, l&rsquo;androsace et l&rsquo;aster des Pyr\u00e9n\u00e9es.<br \/>\nLa vall\u00e9e du Louron poss\u00e8de un important patrimoine architectural d&rsquo;\u00e9glises romanes rurales, dont beaucoup sont orn\u00e9es de peintures murales remarquables, ainsi qu&rsquo;un ch\u00e2teau \u00e0 Bord\u00e8res-Louron (XIIIe si\u00e8cle) \u00e0 c\u00f4t\u00e9 de Loudenvielle et proche des stations de ski de Peyragudes et Val Louron. acc\u00e8s a la station de ski de Saint Lary par le col d&rsquo;Azet connu par les cyclo et cyclotourisme, ainsi que les parapentistes grace a l ecole internationale de parapente en vall\u00e9e du Louron .<\/p>\n<p style=\"text-align: justify;\">Autres cols pour les cyclos : Peyresourde &nbsp;Aspin &nbsp;Pla d&rsquo;adet \u00e0&nbsp;Saint Lary Hourquette d&rsquo;ancizan<\/p>\n<p style=\"text-align: justify;\">pour les randos et randonneurs les lacs du Neouvielle les balades familiales &nbsp;voir avec votre h\u00f4te Claude<\/p>\n<p style=\"text-align: justify;\">Proche des grands sites de Gavarnie Lourdes &nbsp;Pic du midi et son Observatoire &#8230;.<\/p>\n<p>&nbsp;<\/p>\n<p>Les Granges de Jules &nbsp;\u00bb proche des villages d\u2019Arreau et Loudenvielle, \u00e0 quelques minutes de Saint-Lary Soulan dans la vall\u00e9e d\u2019Aure. C&rsquo;est un tr\u00e8s beau village montagnard de la r\u00e9gion de Bigorre. Ses vieilles maisons et ses monuments lui conf\u00e8rent un charme particulier et les deux rivi\u00e8res en eaux vives qui le traversent apporte une \u00e9nergie \u00e0 cette petite cit\u00e9 de caract\u00e8re. Au del\u00e0 de l\u2019int\u00e9r\u00eat du village, les alentours sont aussi remarquables avec la r\u00e9serve naturelle d\u2019Aulon toute proche et le massif de N\u00e9ouvielle inclus dans le&nbsp;<a href=\"http:\/\/www.parc-pyrenees.com\/\">Parc National des Pyr\u00e9n\u00e9es<\/a>. Situ\u00e9 dans un cadre privil\u00e9gi\u00e9, les Granges de jules permettent de pratiquer de nombreuses activit\u00e9s li\u00e9es \u00e0 la d\u00e9couverte de la montagne : randonn\u00e9es, d\u00e9couverte de la faune et de la flore, d\u00e9couvrir et pratiquer des sports montagnards&#8230; D\u2019autre part, l\u2019Espagne qui est aux portes du centre, est facilement accessible par le tunnel d&rsquo;Aragnouet Bielsa, ce qui permet donc de d\u00e9couvrir l&rsquo;autre c\u00f4t\u00e9 de la fronti\u00e8re, la magnifique&nbsp;<a href=\"https:\/\/fr.wikipedia.org\/wiki\/Vall%C3%A9e_de_Pineta\">vall\u00e9e de la Pineta<\/a>, le parc national du Mont Perdu et d\u2019Ordesa, le village d AINSA et la culture espagnole.<\/p>\n<p style=\"text-align: justify;\">&nbsp;<\/p>\n","protected":false},"excerpt":{"rendered":"<p>Location de 2 Granges dans les Pyr\u00e9n\u00e9es : les Granges de Jules \u00e0 Aneran-Camors (1000 m d&rsquo;altitude), proche des villages de Loudenvielle Arreau et des stations de ski de Peyragudes Val Louron et Saint LARY,&nbsp;village typique des Pyr\u00e9n\u00e9es aux confluents des vall\u00e9es d&rsquo;Aure et du Louron, votre location maison chalet villa gite de charme et [&hellip;]<\/p>\n","protected":false},"author":1,"featured_media":0,"parent":0,"menu_order":0,"comment_status":"closed","ping_status":"closed","template":"","meta":{"ngg_post_thumbnail":0},"yoast_head":"<!-- This site is optimized with the Yoast SEO plugin v18.1 - https:\/\/yoast.com\/wordpress\/plugins\/seo\/ -->\n<meta name=\"description\" content=\"Location grange Pyr\u00e9n\u00e9es : g\u00eete de charme grande capacit\u00e9 avec piscine priv\u00e9e aux portes des vall\u00e9es d&#039;Aure et du Louron, h\u00e9bergement enti\u00e8rement r\u00e9nov\u00e9 - 2 Granges de caract\u00e8re tout confort vue panoramique sur les sommets pyr\u00e9n\u00e9ens. Au calme d&#039;un petit village typique sur la route des cols de Peyresourde et Aspin\" \/>\n<meta name=\"robots\" content=\"index, follow, max-snippet:-1, max-image-preview:large, max-video-preview:-1\" \/>\n<link rel=\"canonical\" href=\"https:\/\/www.location-grange-pyrenees.com\/fr\/\" \/>\n<meta property=\"og:locale\" content=\"fr_FR\" \/>\n<meta property=\"og:type\" content=\"article\" \/>\n<meta property=\"og:title\" content=\"Location de 2 granges, g\u00eete de charme avec piscine et vue panoramique\" \/>\n<meta property=\"og:description\" content=\"Location grange Pyr\u00e9n\u00e9es : g\u00eete de charme grande capacit\u00e9 avec piscine priv\u00e9e aux portes des vall\u00e9es d&#039;Aure et du Louron, h\u00e9bergement enti\u00e8rement r\u00e9nov\u00e9 - 2 Granges de caract\u00e8re tout confort vue panoramique sur les sommets pyr\u00e9n\u00e9ens. Au calme d&#039;un petit village typique sur la route des cols de Peyresourde et Aspin\" \/>\n<meta property=\"og:url\" content=\"https:\/\/www.location-grange-pyrenees.com\/fr\/\" \/>\n<meta property=\"og:site_name\" content=\"Les Granges de Jules\" \/>\n<meta property=\"article:modified_time\" content=\"2018-02-28T16:08:21+00:00\" \/>\n<meta name=\"twitter:card\" content=\"summary\" \/>\n<meta name=\"twitter:label1\" content=\"Dur\u00e9e de lecture estim\u00e9e\" \/>\n\t<meta name=\"twitter:data1\" content=\"5 minutes\" \/>\n<script type=\"application\/ld+json\" class=\"yoast-schema-graph\">{\"@context\":\"https:\/\/schema.org\",\"@graph\":[{\"@type\":\"WebSite\",\"@id\":\"http:\/\/www.location-grange-pyrenees.com\/fr\/#website\",\"url\":\"http:\/\/www.location-grange-pyrenees.com\/fr\/\",\"name\":\"Les Granges de Jules\",\"description\":\"Location grange dans les Pyr\u00e9n\u00e9es\",\"potentialAction\":[{\"@type\":\"SearchAction\",\"target\":{\"@type\":\"EntryPoint\",\"urlTemplate\":\"http:\/\/www.location-grange-pyrenees.com\/fr\/?s={search_term_string}\"},\"query-input\":\"required name=search_term_string\"}],\"inLanguage\":\"fr-FR\"},{\"@type\":\"ImageObject\",\"@id\":\"https:\/\/www.location-grange-pyrenees.com\/fr\/#primaryimage\",\"inLanguage\":\"fr-FR\",\"url\":\"http:\/\/www.location-grange-pyrenees.com\/fr\/wp-content\/uploads\/2015\/04\/gite-granges-de-jules.jpg\",\"contentUrl\":\"http:\/\/www.location-grange-pyrenees.com\/fr\/wp-content\/uploads\/2015\/04\/gite-granges-de-jules.jpg\"},{\"@type\":\"WebPage\",\"@id\":\"https:\/\/www.location-grange-pyrenees.com\/fr\/#webpage\",\"url\":\"https:\/\/www.location-grange-pyrenees.com\/fr\/\",\"name\":\"Location de 2 granges, g\u00eete de charme avec piscine et vue panoramique\",\"isPartOf\":{\"@id\":\"http:\/\/www.location-grange-pyrenees.com\/fr\/#website\"},\"primaryImageOfPage\":{\"@id\":\"https:\/\/www.location-grange-pyrenees.com\/fr\/#primaryimage\"},\"datePublished\":\"2015-04-13T09:18:50+00:00\",\"dateModified\":\"2018-02-28T16:08:21+00:00\",\"description\":\"Location grange Pyr\u00e9n\u00e9es : g\u00eete de charme grande capacit\u00e9 avec piscine priv\u00e9e aux portes des vall\u00e9es d'Aure et du Louron, h\u00e9bergement enti\u00e8rement r\u00e9nov\u00e9 - 2 Granges de caract\u00e8re tout confort vue panoramique sur les sommets pyr\u00e9n\u00e9ens. Au calme d'un petit village typique sur la route des cols de Peyresourde et Aspin\",\"breadcrumb\":{\"@id\":\"https:\/\/www.location-grange-pyrenees.com\/fr\/#breadcrumb\"},\"inLanguage\":\"fr-FR\",\"potentialAction\":[{\"@type\":\"ReadAction\",\"target\":[\"https:\/\/www.location-grange-pyrenees.com\/fr\/\"]}]},{\"@type\":\"BreadcrumbList\",\"@id\":\"https:\/\/www.location-grange-pyrenees.com\/fr\/#breadcrumb\",\"itemListElement\":[{\"@type\":\"ListItem\",\"position\":1,\"name\":\"Accueil\",\"item\":\"https:\/\/www.location-grange-pyrenees.com\/fr\/\"},{\"@type\":\"ListItem\",\"position\":2,\"name\":\"Location Grange Pyr\u00e9n\u00e9es, G\u00eete grande capacit\u00e9 et de charme en vall\u00e9e d&rsquo;AURE et du LOURON\"}]}]}<\/script>\n<!-- \/ Yoast SEO plugin. -->","yoast_head_json":{"description":"Location grange Pyr\u00e9n\u00e9es : g\u00eete de charme grande capacit\u00e9 avec piscine priv\u00e9e aux portes des vall\u00e9es d'Aure et du Louron, h\u00e9bergement enti\u00e8rement r\u00e9nov\u00e9 - 2 Granges de caract\u00e8re tout confort vue panoramique sur les sommets pyr\u00e9n\u00e9ens. Au calme d'un petit village typique sur la route des cols de Peyresourde et Aspin","robots":{"index":"index","follow":"follow","max-snippet":"max-snippet:-1","max-image-preview":"max-image-preview:large","max-video-preview":"max-video-preview:-1"},"canonical":"https:\/\/www.location-grange-pyrenees.com\/fr\/","og_locale":"fr_FR","og_type":"article","og_title":"Location de 2 granges, g\u00eete de charme avec piscine et vue panoramique","og_description":"Location grange Pyr\u00e9n\u00e9es : g\u00eete de charme grande capacit\u00e9 avec piscine priv\u00e9e aux portes des vall\u00e9es d'Aure et du Louron, h\u00e9bergement enti\u00e8rement r\u00e9nov\u00e9 - 2 Granges de caract\u00e8re tout confort vue panoramique sur les sommets pyr\u00e9n\u00e9ens. Au calme d'un petit village typique sur la route des cols de Peyresourde et Aspin","og_url":"https:\/\/www.location-grange-pyrenees.com\/fr\/","og_site_name":"Les Granges de Jules","article_modified_time":"2018-02-28T16:08:21+00:00","twitter_card":"summary","twitter_misc":{"Dur\u00e9e de lecture estim\u00e9e":"5 minutes"},"schema":{"@context":"https:\/\/schema.org","@graph":[{"@type":"WebSite","@id":"http:\/\/www.location-grange-pyrenees.com\/fr\/#website","url":"http:\/\/www.location-grange-pyrenees.com\/fr\/","name":"Les Granges de Jules","description":"Location grange dans les Pyr\u00e9n\u00e9es","potentialAction":[{"@type":"SearchAction","target":{"@type":"EntryPoint","urlTemplate":"http:\/\/www.location-grange-pyrenees.com\/fr\/?s={search_term_string}"},"query-input":"required name=search_term_string"}],"inLanguage":"fr-FR"},{"@type":"ImageObject","@id":"https:\/\/www.location-grange-pyrenees.com\/fr\/#primaryimage","inLanguage":"fr-FR","url":"http:\/\/www.location-grange-pyrenees.com\/fr\/wp-content\/uploads\/2015\/04\/gite-granges-de-jules.jpg","contentUrl":"http:\/\/www.location-grange-pyrenees.com\/fr\/wp-content\/uploads\/2015\/04\/gite-granges-de-jules.jpg"},{"@type":"WebPage","@id":"https:\/\/www.location-grange-pyrenees.com\/fr\/#webpage","url":"https:\/\/www.location-grange-pyrenees.com\/fr\/","name":"Location de 2 granges, g\u00eete de charme avec piscine et vue panoramique","isPartOf":{"@id":"http:\/\/www.location-grange-pyrenees.com\/fr\/#website"},"primaryImageOfPage":{"@id":"https:\/\/www.location-grange-pyrenees.com\/fr\/#primaryimage"},"datePublished":"2015-04-13T09:18:50+00:00","dateModified":"2018-02-28T16:08:21+00:00","description":"Location grange Pyr\u00e9n\u00e9es : g\u00eete de charme grande capacit\u00e9 avec piscine priv\u00e9e aux portes des vall\u00e9es d'Aure et du Louron, h\u00e9bergement enti\u00e8rement r\u00e9nov\u00e9 - 2 Granges de caract\u00e8re tout confort vue panoramique sur les sommets pyr\u00e9n\u00e9ens. Au calme d'un petit village typique sur la route des cols de Peyresourde et Aspin","breadcrumb":{"@id":"https:\/\/www.location-grange-pyrenees.com\/fr\/#breadcrumb"},"inLanguage":"fr-FR","potentialAction":[{"@type":"ReadAction","target":["https:\/\/www.location-grange-pyrenees.com\/fr\/"]}]},{"@type":"BreadcrumbList","@id":"https:\/\/www.location-grange-pyrenees.com\/fr\/#breadcrumb","itemListElement":[{"@type":"ListItem","position":1,"name":"Accueil","item":"https:\/\/www.location-grange-pyrenees.com\/fr\/"},{"@type":"ListItem","position":2,"name":"Location Grange Pyr\u00e9n\u00e9es, G\u00eete grande capacit\u00e9 et de charme en vall\u00e9e d&rsquo;AURE et du LOURON"}]}]}},"_links":{"self":[{"href":"https:\/\/www.location-grange-pyrenees.com\/fr\/wp-json\/wp\/v2\/pages\/10"}],"collection":[{"href":"https:\/\/www.location-grange-pyrenees.com\/fr\/wp-json\/wp\/v2\/pages"}],"about":[{"href":"https:\/\/www.location-grange-pyrenees.com\/fr\/wp-json\/wp\/v2\/types\/page"}],"author":[{"embeddable":true,"href":"https:\/\/www.location-grange-pyrenees.com\/fr\/wp-json\/wp\/v2\/users\/1"}],"replies":[{"embeddable":true,"href":"https:\/\/www.location-grange-pyrenees.com\/fr\/wp-json\/wp\/v2\/comments?post=10"}],"version-history":[{"count":2,"href":"https:\/\/www.location-grange-pyrenees.com\/fr\/wp-json\/wp\/v2\/pages\/10\/revisions"}],"predecessor-version":[{"id":715,"href":"https:\/\/www.location-grange-pyrenees.com\/fr\/wp-json\/wp\/v2\/pages\/10\/revisions\/715"}],"wp:attachment":[{"href":"https:\/\/www.location-grange-pyrenees.com\/fr\/wp-json\/wp\/v2\/media?parent=10"}],"curies":[{"name":"wp","href":"https:\/\/api.w.org\/{rel}","templated":true}]}}